
{"id":22644,"date":"2021-07-16T10:57:35","date_gmt":"2021-07-16T10:57:35","guid":{"rendered":"https:\/\/lacuinade.timit2003.com\/afabaix2\/espais-fem-memoria\/"},"modified":"2025-01-31T17:07:29","modified_gmt":"2025-01-31T17:07:29","slug":"espais-fem-memoria","status":"publish","type":"page","link":"https:\/\/afabaix.org\/es\/espais-fem-memoria\/","title":{"rendered":"Espais Fem Mem\u00f2ria"},"content":{"rendered":"<div  class=\"tatsu-ry8DYX2Au tatsu-section  tatsu-bg-overlay   tatsu-clearfix\" data-title=\"\"  data-headerscheme=\"background--dark\"><div class='tatsu-section-pad clearfix' data-padding='{\"d\":\"320px 0px 25px 0px\",\"t\":\"200px 0px 38px 0px\"}' data-padding-top='320px'><div class=\"tatsu-row-wrap  tatsu-wrap tatsu-row-one-col tatsu-row-has-one-cols tatsu-medium-gutter tatsu-reg-cols  tatsu-clearfix tatsu-rklUvt7nAu\" ><div  class=\"tatsu-row \" ><div  class=\"tatsu-column  tatsu-bg-overlay tatsu-one-col tatsu-column-align-bottom tatsu-column-image-none tatsu-column-effect-none  tatsu-H1ZIvY72Ru\"  data-parallax-speed=\"0\" style=\"\"><div class=\"tatsu-column-inner \" ><div class=\"tatsu-column-pad-wrap\"><div class=\"tatsu-column-pad\" ><div  class=\"tatsu-module tatsu-text-block-wrap tatsu-rJMIDtQhAO  \"><div class=\"tatsu-text-inner   clearfix\" ><style>.tatsu-rJMIDtQhAO.tatsu-text-block-wrap .tatsu-text-inner{width: 40%;text-align: left;background-color: rgba(241,145,3,1);padding: 0px 0px 0px 5px;color: rgba(255,255,255,1) ;}.tatsu-rJMIDtQhAO.tatsu-text-block-wrap{margin: 0px 0px 30px 5px;}.tatsu-rJMIDtQhAO .tatsu-text-inner *{color: rgba(255,255,255,1) ;}.tatsu-rJMIDtQhAO.tatsu-text-block-wrap .tatsu-text-inner *{font-family : \"Montserrat\",-apple-system,BlinkMacSystemFont,'Segoe UI',Roboto,Oxygen-Sans,Ubuntu,Cantarell,'Helvetica Neue',sans-serif;font-weight : 700;font-size : 36px;letter-spacing : 0px;}@media only screen and (max-width:1377px) {.tatsu-rJMIDtQhAO.tatsu-text-block-wrap .tatsu-text-inner{width: 21%;}}@media only screen and (min-width:768px) and (max-width: 1024px) {.tatsu-rJMIDtQhAO.tatsu-text-block-wrap .tatsu-text-inner{width: 33%;}}@media only screen and (max-width: 767px) {.tatsu-rJMIDtQhAO.tatsu-text-block-wrap .tatsu-text-inner{width: 83%;}}<\/style>\n<h2>Espais Fem Mem\u00f2ria<\/h2>\n<\/div><\/div><\/div><\/div><div class = \"tatsu-column-bg-image-wrap\"><div class = \"tatsu-column-bg-image\" ><\/div><\/div><div class=\"tatsu-overlay tatsu-column-overlay tatsu-animate-none\" ><\/div><\/div><style>.tatsu-row > .tatsu-H1ZIvY72Ru.tatsu-column{width: 100%;}.tatsu-H1ZIvY72Ru.tatsu-column > .tatsu-column-inner > .tatsu-column-overlay{mix-blend-mode: normal;}.tatsu-H1ZIvY72Ru > .tatsu-column-inner > .tatsu-top-divider{z-index: 9999;}.tatsu-H1ZIvY72Ru > .tatsu-column-inner > .tatsu-bottom-divider{z-index: 9999;}.tatsu-H1ZIvY72Ru > .tatsu-column-inner > .tatsu-left-divider{z-index: 9999;}.tatsu-H1ZIvY72Ru > .tatsu-column-inner > .tatsu-right-divider{z-index: 9999;}@media only screen and (max-width:1377px) {.tatsu-row > .tatsu-H1ZIvY72Ru.tatsu-column{width: 100%;}}@media only screen and (min-width:768px) and (max-width: 1024px) {.tatsu-row > .tatsu-H1ZIvY72Ru.tatsu-column{width: 100%;}}@media only screen and (max-width: 767px) {.tatsu-row > .tatsu-H1ZIvY72Ru.tatsu-column{width: 100%;}}<\/style><\/div><\/div><\/div><\/div><div class=\"tatsu-section-background-wrap\"><div class = \"tatsu-section-background\" ><\/div><\/div><div class=\"tatsu-overlay tatsu-section-overlay\"><\/div><style>.tatsu-ry8DYX2Au .tatsu-section-background{background-image: url(https:\/\/afabaix.org\/wp-content\/uploads\/2021\/09\/banner_14.jpg);background-repeat: no-repeat;background-attachment: scroll;background-position: center left;background-size: cover;}.tatsu-ry8DYX2Au .tatsu-bg-blur{background-repeat: no-repeat;background-attachment: scroll;background-position: center left;background-size: cover;}.tatsu-ry8DYX2Au .tatsu-section-pad{padding: 320px 0px 25px 0px;}.tatsu-ry8DYX2Au .tatsu-section-offset-wrap{transform: translateY(-0px);}.tatsu-ry8DYX2Au > .tatsu-bottom-divider{z-index: 9999;}.tatsu-ry8DYX2Au > .tatsu-top-divider{z-index: 9999;}.tatsu-ry8DYX2Au .tatsu-section-overlay{background: rgba(22,20,5,0.19);mix-blend-mode: normal;}@media only screen and (min-width:768px) and (max-width: 1024px) {.tatsu-ry8DYX2Au .tatsu-section-pad{padding: 200px 0px 38px 0px;}}<\/style><\/div><div  class=\"tatsu-SyQUDYQ3Ad tatsu-section  tatsu-bg-overlay   tatsu-clearfix\" data-title=\"\"  data-headerscheme=\"background--dark\"><div class='tatsu-section-pad clearfix' data-padding='{\"d\":\"90px 0px 90px 0px\",\"m\":\"65px 0px 90px 0px\"}' data-padding-top='65px'><div class=\"tatsu-row-wrap  tatsu-wrap tatsu-row-one-col tatsu-row-has-one-cols tatsu-medium-gutter tatsu-reg-cols  tatsu-clearfix tatsu-HyVUPt72Au\" ><div  class=\"tatsu-row \" ><div  class=\"tatsu-column  tatsu-bg-overlay tatsu-one-col tatsu-column-image-none tatsu-column-effect-none  tatsu-ryH8vF7nCO\"  data-parallax-speed=\"0\" style=\"\"><div class=\"tatsu-column-inner \" ><div class=\"tatsu-column-pad-wrap\"><div class=\"tatsu-column-pad\" ><div  class=\"tatsu-module tatsu-text-block-wrap tatsu-rJLUvYQ20d  \"><div class=\"tatsu-text-inner tatsu-align-center  clearfix\" ><style>.tatsu-rJLUvYQ20d.tatsu-text-block-wrap .tatsu-text-inner{width: 100%;text-align: left;}<\/style>\n<p>El \u201c<strong>Espai Fem Mem\u00f2ria<\/strong>\u201d de la AFA Baix Llobregat no es un Centro Alo\u00efs como tal, es un centro de atenci\u00f3n especializada dirigido a personas mayores que empiezan a tener alg\u00fan problema de memoria, o que se encuentran en fases iniciales de alguna enfermedad neurodegenerativa, o sufren deterioro cognitivo leve derivado de otras patolog\u00edas.<\/p>\n<p>Personas que sean aut\u00f3nomas en las actividades de la vida diaria y tengan la necesidad de mantenerse activas.<\/p>\n<p>Es un recurso previo al Centro de D\u00eda en el que se realizan diversos programas y actividades -englobados bajo el acr\u00f3nimo F.E.S.- que tienen el objetivo de mejorar la calidad de vida y el bienestar emocional de las personas que asisten. Es un espacio cardioprotegido en el que se trabaja, como en todos los espacios de la AFA, con el Modelo de Atenci\u00f3n Centrada en la Persona (ACP), bas\u00e1ndonos en las fortalezas y habilidades de la persona para mantenerlas el m\u00e1ximo tiempo posible.<b><\/b><\/p>\n<\/div><\/div><div  class=\"tatsu-module tatsu-accordion tatsu-accordion-style1 tatsu-HkfOLxElXc   \"  ><style>.tatsu-HkfOLxElXc .accordion-content.ui-accordion-content{border-color: #CACACA; }.tatsu-HkfOLxElXc .accordion-head.ui-accordion-header{border-color: #CACACA; }.tatsu-HkfOLxElXc.tatsu-module{margin: 0 0 60px 0;}<\/style><div data-collapsed=\"0\" class = \"tatsu-accordion-inner\"><h3 class=\"accordion-head h6\">Objetivos espec\u00edficos<span class = \"tatsu-accordion-expand\"><\/span><\/h3><div class = \"accordion-content body\" ><div class = \"accordion-content-inner \">\n<ul class=\"ul1\">\n<li class=\"li1\"><span class=\"s2\">Ralentizar el proceso degenerativo.<\/span><\/li>\n<li class=\"li1\"><span class=\"s2\">Mejorar el estado general y la sensaci\u00f3n subjetiva de salud.<\/span><\/li>\n<li class=\"li1\"><span class=\"s2\">Favorecer las relaciones sociales y evitar el aislamiento.<\/span><\/li>\n<li class=\"li1\"><span class=\"s2\">Mejorar el estado de \u00e1nimo y autoestima.<\/span><\/li>\n<li class=\"li1\"><span class=\"s2\">Fomentar la autonom\u00eda personal y la recuperaci\u00f3n de la confianza.<\/span><\/li>\n<li class=\"li1\"><span class=\"s2\">Reducir las alteraciones conductuales<\/span><\/li>\n<li class=\"li1\"><span class=\"s2\">Proporcionar a los familiares apoyo y un tiempo de respiro.<\/span><\/li>\n<\/ul>\n<\/div><\/div><h3 class=\"accordion-head h6\">El programa FES y el programa F.E.  \u00bfQu\u00e9 ofrecen?<span class = \"tatsu-accordion-expand\"><\/span><\/h3><div class = \"accordion-content body\" ><div class = \"accordion-content-inner \">\n<p class=\"p1\"><span class=\"s1\">El programa\u00a0<b>FES<\/b>\u00a0Es un programa de Estimulaci\u00f3n Global\u00a0en el que\u00a0se realizan actividades para mantener la autonom\u00eda y las capacidades cognitivas y f\u00edsicas el mayor tiempo posible. Las actividades son dise\u00f1adas por profesionales con larga experiencia, siempre teniendo en cuenta los intereses e historia de vida de los participantes.<\/span><\/p>\n<p class=\"p1\"><span class=\"s1\">Se realizan 3 tipos de actividades durante la ma\u00f1ana:<\/span><\/p>\n<ul class=\"ul1\">\n<li class=\"li2\"><b><\/b><span class=\"s1\"><b>F<\/b>isioterapia: mantenimiento de la funcionalidad, prevenci\u00f3n de ca\u00eddas y fomento de h\u00e1bitos activos.<\/span><\/li>\n<li class=\"li2\"><b><\/b><span class=\"s1\"><b>E<\/b>stimulaci\u00f3n Cognitiva: actividades y din\u00e1micas dirigidas a mantener el rendimiento cognitivo.<\/span><\/li>\n<li class=\"li2\"><b><\/b><span class=\"s1\"><b>S<\/b>ocializaci\u00f3n: talleres de ocio relacionados con la m\u00fasica, artes pl\u00e1sticas, juegos tradicionales, etc.<\/span><\/li>\n<\/ul>\n<p>Durante las tardes se realiza el <strong>programa F.E.<\/strong>, que trabaja los mismos \u00e1mbitos que el programa F.E.S. de las ma\u00f1anas excepto la socializaci\u00f3n.<\/p>\n<\/div><\/div><h3 class=\"accordion-head h6\">Otros rasgos distintivos del Espacio Fem Mem\u00f2ria<span class = \"tatsu-accordion-expand\"><\/span><\/h3><div class = \"accordion-content body\" ><div class = \"accordion-content-inner \">\n<ul class=\"ul1\">\n<li class=\"li1\"><span class=\"s2\">Terapias no farmacol\u00f3gicas.<\/span><\/li>\n<li class=\"li1\"><span class=\"s2\">25 a\u00f1os de experiencia de la AFA al servicio de las personas.<\/span><\/li>\n<li class=\"li1\"><span class=\"s2\">Protocolo de detecci\u00f3n y derivaci\u00f3n contra malos tratos.<\/span><\/li>\n<li class=\"li1\"><span class=\"s2\">Estimulaci\u00f3n cognitiva individual y grupal con las m\u00e1s modernas tecnolog\u00edas.<\/span><\/li>\n<li class=\"li1\"><span class=\"s2\">Grupos de apoyo emocional y ayuda mutua.<\/span><\/li>\n<li class=\"li1\"><span class=\"s2\">Atenci\u00f3n psicol\u00f3gica y seguimiento personalizado.<\/span><\/li>\n<li class=\"li1\"><span class=\"s2\">Actividades abiertas a la comunidad.<\/span><\/li>\n<\/ul>\n<\/div><\/div><h3 class=\"accordion-head h6\">HORARIOS<span class = \"tatsu-accordion-expand\"><\/span><\/h3><div class = \"accordion-content body\" ><div class = \"accordion-content-inner \">\n<ul class=\"ul1\">\n<li class=\"li1\"><span class=\"s2\">Ma\u00f1anas<\/span><\/li>\n<\/ul>\n<table class=\"t1\" width=\"299.0\" cellspacing=\"0\" cellpadding=\"0\">\n<tbody>\n<tr>\n<td class=\"td1\" valign=\"middle\">\n<p class=\"p2\"><span class=\"s2\"><b>De 9:30 a 10h<\/b><\/span><\/p>\n<\/td>\n<td class=\"td2\" valign=\"middle\">\n<p class=\"p2\"><span class=\"s2\"><b>Bienvenida y Acogida<\/b><\/span><\/p>\n<\/td>\n<\/tr>\n<tr>\n<td class=\"td1\" valign=\"middle\">\n<p class=\"p2\"><span class=\"s2\"><b>De 10 a 11h<\/b><\/span><\/p>\n<\/td>\n<td class=\"td2\" valign=\"middle\">\n<p class=\"p2\"><span class=\"s2\"><b>Estimulaci\u00f3n Cognitiva<\/b><\/span><\/p>\n<\/td>\n<\/tr>\n<tr>\n<td class=\"td1\" valign=\"middle\">\n<p class=\"p2\"><span class=\"s2\"><b>De 11 a 12h<\/b><\/span><\/p>\n<\/td>\n<td class=\"td2\" valign=\"middle\">\n<p class=\"p2\"><span class=\"s2\"><b>Socializaci\u00f3n<\/b><\/span><\/p>\n<\/td>\n<\/tr>\n<tr>\n<td class=\"td1\" valign=\"middle\">\n<p class=\"p2\"><span class=\"s2\"><b>De 12 a 13h<\/b><\/span><\/p>\n<\/td>\n<td class=\"td2\" valign=\"middle\">\n<p class=\"p2\"><span class=\"s2\"><b>Fisioterapia<\/b><\/span><\/p>\n<\/td>\n<\/tr>\n<\/tbody>\n<\/table>\n<ul class=\"ul1\">\n<li class=\"li1\"><span class=\"s2\">Tardes<\/span><\/li>\n<\/ul>\n<table class=\"t2\" width=\"303.0\" cellspacing=\"0\" cellpadding=\"0\">\n<tbody>\n<tr>\n<td class=\"td3\" valign=\"middle\">\n<p class=\"p2\"><span class=\"s2\"><b>Acogida consultas y Atenci\u00f3n Social<\/b><\/span><\/p>\n<\/td>\n<\/tr>\n<tr>\n<td class=\"td3\" valign=\"middle\">\n<p class=\"p2\"><span class=\"s2\"><b>Talleres de Memoria, nivel inicial (Estimulaci\u00f3n Cognitiva)<\/b><\/span><\/p>\n<\/td>\n<\/tr>\n<tr>\n<td class=\"td3\" valign=\"middle\">\n<p class=\"p2\"><span class=\"s2\"><b>Talleres de Musicoterapia<\/b><\/span><\/p>\n<\/td>\n<\/tr>\n<tr>\n<td class=\"td3\" valign=\"middle\">\n<p class=\"p2\"><span class=\"s2\"><b>Grupos de Apoyo Emocional\u00a0 para familiares<\/b><\/span><\/p>\n<\/td>\n<\/tr>\n<tr>\n<td class=\"td3\" valign=\"middle\">\n<p class=\"p2\"><span class=\"s2\"><b>Taller de Memoria, nivel preventivo (Estimulaci\u00f3n Cognitiva)\u00a0<\/b><\/span><\/p>\n<\/td>\n<\/tr>\n<\/tbody>\n<\/table>\n<\/div><\/div><h3 class=\"accordion-head h6\">PRECIOS<span class = \"tatsu-accordion-expand\"><\/span><\/h3><div class = \"accordion-content body\" ><div class = \"accordion-content-inner \">\n<ul class=\"ul1\">\n<li class=\"li1\"><span class=\"s2\">Ma\u00f1anas<\/span><\/li>\n<\/ul>\n<table class=\"t1\" width=\"298.0\" cellspacing=\"0\" cellpadding=\"0\">\n<tbody>\n<tr>\n<td class=\"td1\" valign=\"middle\">\n<p class=\"p2\"><span class=\"s2\"><b>N\u00famero de d\u00edas a la semana de Programa FES\u00a0 (3,5horas x d\u00eda)<\/b><\/span><\/p>\n<\/td>\n<td class=\"td2\" valign=\"middle\">\n<p class=\"p2\"><span class=\"s2\"><b>Precio Mensual<\/b><\/span><\/p>\n<\/td>\n<\/tr>\n<tr>\n<td class=\"td1\" valign=\"middle\">\n<p class=\"p2\"><span class=\"s2\"><b>1 d\u00eda<\/b><\/span><\/p>\n<\/td>\n<td class=\"td2\" valign=\"middle\">\n<p class=\"p2\"><span class=\"s2\"><b>87\u20ac<\/b><\/span><\/p>\n<\/td>\n<\/tr>\n<tr>\n<td class=\"td1\" valign=\"middle\">\n<p class=\"p2\"><span class=\"s2\"><b>2 dias\u00a0<\/b><\/span><\/p>\n<\/td>\n<td class=\"td2\" valign=\"middle\">\n<p class=\"p2\"><span class=\"s2\"><b>123\u20ac<\/b><\/span><\/p>\n<\/td>\n<\/tr>\n<tr>\n<td class=\"td1\" valign=\"middle\">\n<p class=\"p2\"><span class=\"s2\"><b>3 dies\u00a0<\/b><\/span><\/p>\n<\/td>\n<td class=\"td2\" valign=\"middle\">\n<p class=\"p2\"><span class=\"s2\"><b>159\u20ac<\/b><\/span><\/p>\n<\/td>\n<\/tr>\n<tr>\n<td class=\"td1\" valign=\"middle\">\n<p class=\"p2\"><span class=\"s2\"><b>4 dies\u00a0<\/b><\/span><\/p>\n<\/td>\n<td class=\"td2\" valign=\"middle\">\n<p class=\"p2\"><span class=\"s2\"><b>185\u20ac<\/b><\/span><\/p>\n<\/td>\n<\/tr>\n<tr>\n<td class=\"td1\" valign=\"middle\">\n<p class=\"p2\"><span class=\"s2\"><b>5 dies\u00a0<\/b><\/span><\/p>\n<\/td>\n<td class=\"td2\" valign=\"middle\">\n<p class=\"p2\"><span class=\"s2\"><b>206\u20ac<\/b><\/span><\/p>\n<\/td>\n<\/tr>\n<\/tbody>\n<\/table>\n<ul class=\"ul1\">\n<li class=\"li1\"><span class=\"s2\">Tardes<\/span><\/li>\n<\/ul>\n<table class=\"t2\" width=\"303.0\" cellspacing=\"0\" cellpadding=\"0\">\n<tbody>\n<tr>\n<td class=\"td3\" valign=\"middle\">\n<p class=\"p2\"><span class=\"s2\"><b>Programa F.E.<\/b><\/span><\/p>\n<p class=\"p2\"><span class=\"s2\"><b>tardes<br \/>(2hxdia)<\/b><\/span><\/p>\n<\/td>\n<td class=\"td4\" valign=\"middle\">\n<p class=\"p2\"><span class=\"s2\"><b>Precio Mensual<\/b><\/span><\/p>\n<\/td>\n<\/tr>\n<tr>\n<td class=\"td3\" valign=\"middle\">\n<p class=\"p2\"><span class=\"s2\"><b>1 dia<\/b><\/span><\/p>\n<\/td>\n<td class=\"td4\" valign=\"middle\">\n<p class=\"p2\"><span class=\"s2\"><b>46\u20ac<\/b><\/span><\/p>\n<\/td>\n<\/tr>\n<tr>\n<td class=\"td3\" valign=\"middle\">\n<p class=\"p2\"><span class=\"s2\"><b>2 dias<\/b><\/span><\/p>\n<\/td>\n<td class=\"td4\" valign=\"middle\">\n<p class=\"p2\"><span class=\"s2\"><b>87\u20ac<\/b><\/span><\/p>\n<\/td>\n<\/tr>\n<tr>\n<td class=\"td3\" valign=\"middle\">\n<p class=\"p2\"><span class=\"s2\"><b>Talleres Musicoterapia i\/o Memoria (1h. semanal de tarde cada uno)<\/b><\/span><\/p>\n<\/td>\n<td class=\"td4\" valign=\"middle\">\n<p><strong>1 d\u00eda x semana: 25\u20ac\/mes<\/strong><\/p>\n<p><strong>2 d\u00edas x semana: 45 \u20ac\/mes<\/strong><\/p>\n<p><strong>3 d\u00edas x semana: 65\u20ac\/mes<\/strong><\/p>\n<\/td>\n<\/tr>\n<\/tbody>\n<\/table>\n<p>\u00a0<\/p>\n<\/div><\/div><h3 class=\"accordion-head h6\">Direcci\u00f3n y contacto<span class = \"tatsu-accordion-expand\"><\/span><\/h3><div class = \"accordion-content body\" ><div class = \"accordion-content-inner \">\n<p class=\"p1\" style=\"text-align: center;\"><span class=\"s1\"><b>ESPAI\u00a0FEM MEM\u00d2RIA<br \/><\/b>Cr. D\u00eddac Priu n\u00fam.10.<\/span><\/p>\n<p class=\"p1\" style=\"text-align: center;\"><span class=\"s1\">\u00a0<b>Sant Boi\u00a0de Llobregat<\/b><\/span><\/p>\n<p class=\"p1\" style=\"text-align: center;\"><span class=\"s1\"><b>Tel. fixe: 93.654.83.52<\/b><\/span><\/p>\n<p class=\"p1\" style=\"text-align: center;\"><span class=\"s1\"><b>M\u00f2bils: 616.197.571 \/ 689.865.102<\/b><\/span><\/p>\n<p class=\"p1\" style=\"text-align: center;\"><span class=\"s1\"><b>femmemoria@afabaix.org<\/b><\/span><\/p>\n<\/div><\/div><\/div><\/div><div  class=\"tatsu-gallery-wrap tatsu-gallery-module tatsu-module 0 tatsu-H1dVz4xX9   \" ><div class=\"gallery   style1-hover \"  ><div class=\"gallery-container be-grid be-row be-cols-1 clickable clearfix  \" data-aspect-ratio=\"1.6\" data-animation-target = \".gallery-thumb-img-wrap\" data-cols=\"1\" data-scroll-reveal = \"1\" data-animation = \"fadeIn\" data-gutter=\"40\" data-layout=\"metro\" ><div class=\"gallery-cell be-col be-hoverlay  not-wide no-wide-width-height style1-hover \" ><div class=\"gallery-cell-inner\"\"><a data-thumb = \"https:\/\/afabaix.org\/wp-content\/uploads\/2021\/09\/cursos2-150x150.jpg\" href=\"https:\/\/afabaix.org\/wp-content\/uploads\/2021\/09\/cursos2.jpg\"  class=\"thumb-anchor mobx  \" data-rel=\"my-galleryH1dVz4xX9\" title=\"\"><div class=\"thumb-wrap\"><div style = \"padding-bottom : 62.5%;\" class=\"gallery-thumb-img-wrap be-grid-placeholder none-effect\"  ><img decoding=\"async\" class=\"\"  src=\"https:\/\/afabaix.org\/wp-content\/uploads\/2021\/09\/cursos2.jpg\" alt=\"\" \/><\/div><\/div><div class=\"thumb-overlay\"><div class=\"thumb-bg\"><div class=\"thumb-title-wrap display-table-cell vertical-align-middle align-center fadeIn animated\"><\/div><\/div><\/div><\/a><\/div><\/div><\/div><\/div><style>.tatsu-H1dVz4xX9 .gallery-container{margin: 0 -20px;}.tatsu-H1dVz4xX9 .gallery-container .gallery-cell.be-col{margin-bottom: 40px;}.tatsu-H1dVz4xX9 .gallery-container .gallery-cell.be-col {padding: 0 20px;}.tatsu-H1dVz4xX9.tatsu-gallery-module .gallery-container {margin-bottom: -40px !important;}.tatsu-H1dVz4xX9.tatsu-gallery-module .thumb-title{color: #fff ;}.tatsu-H1dVz4xX9.tatsu-gallery-module .thumb-bg{background-color: rgba(104,146,46,1);}<\/style><\/div><\/div><\/div><div class = \"tatsu-column-bg-image-wrap\"><div class = \"tatsu-column-bg-image\" ><\/div><\/div><div class=\"tatsu-overlay tatsu-column-overlay tatsu-animate-none\" ><\/div><\/div><style>.tatsu-row > .tatsu-ryH8vF7nCO.tatsu-column{width: 100%;}.tatsu-ryH8vF7nCO.tatsu-column > .tatsu-column-inner > .tatsu-column-overlay{mix-blend-mode: normal;}.tatsu-ryH8vF7nCO > .tatsu-column-inner > .tatsu-top-divider{z-index: 9999;}.tatsu-ryH8vF7nCO > .tatsu-column-inner > .tatsu-bottom-divider{z-index: 9999;}.tatsu-ryH8vF7nCO > .tatsu-column-inner > .tatsu-left-divider{z-index: 9999;}.tatsu-ryH8vF7nCO > .tatsu-column-inner > .tatsu-right-divider{z-index: 9999;}<\/style><\/div><\/div><\/div><\/div><div class=\"tatsu-section-background-wrap\"><div class = \"tatsu-section-background\" ><\/div><\/div><div class=\"tatsu-overlay tatsu-section-overlay\"><\/div><style>.tatsu-SyQUDYQ3Ad .tatsu-section-pad{padding: 90px 0px 90px 0px;}.tatsu-SyQUDYQ3Ad > .tatsu-bottom-divider{z-index: 9999;}.tatsu-SyQUDYQ3Ad > .tatsu-top-divider{z-index: 9999;}.tatsu-SyQUDYQ3Ad .tatsu-section-overlay{mix-blend-mode: normal;}@media only screen and (max-width: 767px) {.tatsu-SyQUDYQ3Ad .tatsu-section-pad{padding: 65px 0px 90px 0px;}}<\/style><\/div>\n","protected":false},"excerpt":{"rendered":"<div><a href=\"https:\/\/afabaix.org\/es\/espais-fem-memoria\/\" class=\"exp-read-more exp-read-more-underlined\">Read More<\/a><\/div>\n","protected":false},"author":1,"featured_media":0,"parent":0,"menu_order":0,"comment_status":"closed","ping_status":"closed","template":"","meta":{"footnotes":""},"class_list":["post-22644","page","type-page","status-publish","hentry"],"_links":{"self":[{"href":"https:\/\/afabaix.org\/es\/wp-json\/wp\/v2\/pages\/22644","targetHints":{"allow":["GET"]}}],"collection":[{"href":"https:\/\/afabaix.org\/es\/wp-json\/wp\/v2\/pages"}],"about":[{"href":"https:\/\/afabaix.org\/es\/wp-json\/wp\/v2\/types\/page"}],"author":[{"embeddable":true,"href":"https:\/\/afabaix.org\/es\/wp-json\/wp\/v2\/users\/1"}],"replies":[{"embeddable":true,"href":"https:\/\/afabaix.org\/es\/wp-json\/wp\/v2\/comments?post=22644"}],"version-history":[{"count":19,"href":"https:\/\/afabaix.org\/es\/wp-json\/wp\/v2\/pages\/22644\/revisions"}],"predecessor-version":[{"id":28501,"href":"https:\/\/afabaix.org\/es\/wp-json\/wp\/v2\/pages\/22644\/revisions\/28501"}],"wp:attachment":[{"href":"https:\/\/afabaix.org\/es\/wp-json\/wp\/v2\/media?parent=22644"}],"curies":[{"name":"wp","href":"https:\/\/api.w.org\/{rel}","templated":true}]}}